{"id":1400,"date":"2021-03-01T11:54:48","date_gmt":"2021-03-01T10:54:48","guid":{"rendered":"https:\/\/altfettrecycling.de\/startseite\/"},"modified":"2024-09-19T07:54:40","modified_gmt":"2024-09-19T05:54:40","slug":"startseite","status":"publish","type":"page","link":"https:\/\/www.altfett-lesch.de\/tr\/","title":{"rendered":"Startseite"},"content":{"rendered":"\n<div class=\"wp-block-cover alignfull is-light has-custom-content-position is-position-bottom-left\" style=\"min-height:650px;aspect-ratio:unset;\"><span aria-hidden=\"true\" class=\"wp-block-cover__background has-black-background-color has-background-dim-0 has-background-dim\"><\/span><video class=\"wp-block-cover__video-background intrinsic-ignore\" autoplay muted loop playsinline src=\"https:\/\/www.altfett-lesch.de\/wp-content\/uploads\/2020\/10\/03_Aufbereitung_2020_10_07_1.mp4\" data-object-fit=\"cover\"><\/video><div class=\"wp-block-cover__inner-container is-layout-flow wp-block-cover-is-layout-flow\">\n<figure class=\"wp-block-image size-full is-resized advgb-dyn-8aa442e0\"><img loading=\"lazy\" decoding=\"async\" width=\"805\" height=\"500\" src=\"https:\/\/www.altfett-lesch.de\/wp-content\/uploads\/2022\/03\/upcyclingaustradition.png\" alt=\"\" class=\"wp-image-2798\" style=\"width:403px;height:250px\" srcset=\"https:\/\/www.altfett-lesch.de\/wp-content\/uploads\/2022\/03\/upcyclingaustradition.png 805w, https:\/\/www.altfett-lesch.de\/wp-content\/uploads\/2022\/03\/upcyclingaustradition-300x186.png 300w, https:\/\/www.altfett-lesch.de\/wp-content\/uploads\/2022\/03\/upcyclingaustradition-768x477.png 768w\" sizes=\"auto, (max-width: 805px) 100vw, 805px\" \/><\/figure>\n<\/div><\/div>\n\n<div class=\"wp-block-columns highlight is-layout-flex wp-container-core-columns-is-layout-9d6595d7 wp-block-columns-is-layout-flex\">\n<div class=\"wp-block-column is-layout-flow wp-block-column-is-layout-flow\" style=\"flex-basis:100%\">\n<figure class=\"wp-block-image size-full\"><img loading=\"lazy\" decoding=\"async\" width=\"1000\" height=\"1025\" src=\"https:\/\/www.altfett-lesch.de\/wp-content\/uploads\/2024\/06\/sendungmitdermaus_startseite.png\" alt=\"\" class=\"wp-image-5303\" srcset=\"https:\/\/www.altfett-lesch.de\/wp-content\/uploads\/2024\/06\/sendungmitdermaus_startseite.png 1000w, https:\/\/www.altfett-lesch.de\/wp-content\/uploads\/2024\/06\/sendungmitdermaus_startseite-293x300.png 293w, https:\/\/www.altfett-lesch.de\/wp-content\/uploads\/2024\/06\/sendungmitdermaus_startseite-768x787.png 768w, https:\/\/www.altfett-lesch.de\/wp-content\/uploads\/2024\/06\/sendungmitdermaus_startseite-300x308.png 300w\" sizes=\"auto, (max-width: 1000px) 100vw, 1000px\" \/><\/figure>\n<\/div>\n\n\n\n<div class=\"wp-block-column is-vertically-aligned-center is-layout-flow wp-block-column-is-layout-flow\" style=\"flex-basis:100%\">\n<h3 class=\"wp-block-heading\">\u201cSendung mit der Maus\u201dta geri d\u00f6n\u00fc\u015ft\u00fcr\u00fclm\u00fc\u015f at\u0131k ya\u011flardan elde edilen biyoyak\u0131t<\/h3>\n\n\n\n<p>2 Haziran 2024&#8217;te<strong>&#8220;Sendung mit der Maus&#8221; Thalm\u00e4ssing<\/strong>&#8216;de konu\u011fumuzdu. Fare, catering end\u00fcstrisindeki kullan\u0131lm\u0131\u015f yemeklik ya\u011flar\u0131n toplanmas\u0131ndan i\u015flenmesine kadar geri d\u00f6n\u00fc\u015f\u00fcm s\u00fcre\u00e7lerimiz hakk\u0131nda iyi bir fikir sa\u011flar.<\/p>\n\n\n\n<p>3 Ekim 2024&#8217;te herkese bir fikir olacak: \u201cKap\u0131lar\u0131 Fareyle A\u00e7\u201d kampanyas\u0131na kap\u0131lar\u0131m\u0131z\u0131 a\u00e7aca\u011f\u0131z.<\/p>\n\n\n\n<div class=\"wp-block-buttons is-layout-flex wp-block-buttons-is-layout-flex\">\n<div class=\"wp-block-button\"><a class=\"wp-block-button__link wp-element-button\" href=\"https:\/\/www.altfett-lesch.de\/biosprit-aus-altfett-die-sendung-mit-der-maus\/\">B\u00fct\u00fcn bilgiler burada&#8230;<\/a><\/div>\n<\/div>\n<\/div>\n<\/div>\n\n<figure class=\"wp-block-image size-large\"><a href=\"https:\/\/www.altfett-lesch.de\/tr\/is-teklifleri\/\"><img loading=\"lazy\" decoding=\"async\" width=\"1024\" height=\"559\" src=\"https:\/\/www.altfett-lesch.de\/wp-content\/uploads\/2022\/11\/anzeige_umweltheld_mwd-1024x559.jpg\" alt=\"\" class=\"wp-image-3834\"\/><\/a><\/figure>\n\n<div class=\"wp-block-group highlight\"><div class=\"wp-block-group__inner-container is-layout-flow wp-block-group-is-layout-flow\">\n<div class=\"wp-block-columns is-layout-flex wp-container-core-columns-is-layout-9d6595d7 wp-block-columns-is-layout-flex\">\n<div class=\"wp-block-column is-vertically-aligned-center is-layout-flow wp-block-column-is-layout-flow\" style=\"flex-basis:66.66%\">\n<h3 class=\"wp-block-heading\" id=\"neu-unsere-fettbox-app-die-entleerung-ihrer-fettbox-anfordern-mit-nur-einem-klick\">Yeni: Ya\u011f kutusu uygulamam\u0131z &#13;\nYa\u011f kutunuzun bo\u015falt\u0131lmas\u0131n\u0131 isteyin &#13;\n&#8211; tek bir t\u0131klama ile!<\/h3>\n\n\n\n<p>Ba\u011flant\u0131y\u0131 a\u00e7\u0131n ve Fettbox uygulamas\u0131n\u0131 yaln\u0131zca birka\u00e7 ad\u0131mda Android ak\u0131ll\u0131 telefonunuza veya iPhone&#8217;unuza y\u00fckleyin. Verilerinizin yaln\u0131zca bir kez girilmesi gerekir ve ak\u0131ll\u0131 telefonunuza kaydedilir. Dolu kutuyu bildirmek i\u00e7in tek t\u0131klaman\u0131z yeterli! <a rel=\"noreferrer noopener\" href=\"https:\/\/www.altfett-lesch.de\/wp-content\/uploads\/2020\/12\/lesch-fettbox-app-flyer_flyeralarm.pdf\" data-type=\"URL\" data-id=\"https:\/\/www.altfett-lesch.de\/wp-content\/uploads\/2020\/12\/lesch-fettbox-app-flyer_flyeralarm.pdf\" target=\"_blank\">W<\/a><a href=\"https:\/\/www.altfett-lesch.de\/wp-content\/uploads\/2022\/02\/lesch-fettbox-app-flyer_v11.pdf\" data-type=\"URL\" data-id=\"https:\/ \/www.altfett-lesch.de\/wp-content\/uploads\/2022\/02\/lesch-fettbox-app-flyer_v11.pdf\" target=\"_blank\" rel=\"noreferrer noopener\">daha fazla bilgiyi bro\u015f\u00fcr\u00fcm\u00fczde bulabilirsiniz. <\/a><\/p>\n\n\n\n<div class=\"wp-block-buttons is-horizontal is-content-justification-left is-layout-flex wp-container-core-buttons-is-layout-7e5fce0a wp-block-buttons-is-layout-flex\">\n<div class=\"wp-block-button\"><a class=\"wp-block-button__link wp-element-button\" href=\"https:\/\/apps.apple.com\/us\/app\/fettbox\/id1598534923\" target=\"_blank\" rel=\"noreferrer noopener\">iPhone\/AppStore<\/a><\/div>\n\n\n\n<div class=\"wp-block-button\"><a class=\"wp-block-button__link wp-element-button\" href=\"https:\/\/play.google.com\/store\/apps\/details?id=de.xida.altfettlesch\" target=\"_blank\" rel=\"noreferrer noopener\">Android\/PlayStore<\/a><\/div>\n<\/div>\n<\/div>\n\n\n\n<div class=\"wp-block-column is-layout-flow wp-block-column-is-layout-flow\" style=\"flex-basis:33.33%\">\n<figure class=\"wp-block-image size-large is-resized fettbox-startseite\"><img loading=\"lazy\" decoding=\"async\" width=\"420\" height=\"900\" src=\"https:\/\/www.altfett-lesch.de\/wp-content\/uploads\/2020\/12\/fettbox-app.png\" alt=\"\" class=\"wp-image-1068\" srcset=\"https:\/\/www.altfett-lesch.de\/wp-content\/uploads\/2020\/12\/fettbox-app.png 420w, https:\/\/www.altfett-lesch.de\/wp-content\/uploads\/2020\/12\/fettbox-app-140x300.png 140w, https:\/\/www.altfett-lesch.de\/wp-content\/uploads\/2020\/12\/fettbox-app-300x643.png 300w\" sizes=\"auto, (max-width: 420px) 100vw, 420px\" \/><\/figure>\n<\/div>\n<\/div>\n<\/div><\/div>\n\n<div style=\"height:20px\" aria-hidden=\"true\" class=\"wp-block-spacer\"><\/div>\n\n<div class=\"wp-block-columns is-layout-flex wp-container-core-columns-is-layout-9d6595d7 wp-block-columns-is-layout-flex\">\n<div class=\"wp-block-column is-layout-flow wp-block-column-is-layout-flow\">\n<div class=\"wp-block-cover is-light\"><span aria-hidden=\"true\" class=\"wp-block-cover__background has-black-background-color has-background-dim-20 has-background-dim\"><\/span><img loading=\"lazy\" decoding=\"async\" width=\"2560\" height=\"1911\" class=\"wp-block-cover__image-background wp-image-339\" alt=\"\" src=\"https:\/\/www.altfett-lesch.de\/wp-content\/uploads\/2020\/05\/K\u00fcche_1-scaled.jpg\" style=\"object-position:75% 45%\" data-object-fit=\"cover\" data-object-position=\"75% 45%\" srcset=\"https:\/\/www.altfett-lesch.de\/wp-content\/uploads\/2020\/05\/K\u00fcche_1-scaled.jpg 2560w, https:\/\/www.altfett-lesch.de\/wp-content\/uploads\/2020\/05\/K\u00fcche_1-300x224.jpg 300w, https:\/\/www.altfett-lesch.de\/wp-content\/uploads\/2020\/05\/K\u00fcche_1-1024x765.jpg 1024w, https:\/\/www.altfett-lesch.de\/wp-content\/uploads\/2020\/05\/K\u00fcche_1-768x573.jpg 768w, https:\/\/www.altfett-lesch.de\/wp-content\/uploads\/2020\/05\/K\u00fcche_1-1536x1147.jpg 1536w, https:\/\/www.altfett-lesch.de\/wp-content\/uploads\/2020\/05\/K\u00fcche_1-2048x1529.jpg 2048w, https:\/\/www.altfett-lesch.de\/wp-content\/uploads\/2020\/05\/K\u00fcche_1-1200x896.jpg 1200w, https:\/\/www.altfett-lesch.de\/wp-content\/uploads\/2020\/05\/K\u00fcche_1-1400x1045.jpg 1400w\" sizes=\"auto, (max-width: 2560px) 100vw, 2560px\" \/><div class=\"wp-block-cover__inner-container is-layout-flow wp-block-cover-is-layout-flow\">\n<p><a href=\"https:\/\/www.altfett-lesch.de\/tr\/gastronomiden-kullanilmis-yemeklik-yag\/\" data-type=\"page\" data-id=\"405\">Sammlung von<\/a><\/p>\n\n\n\n<p class=\"has-text-align-left has-large-font-size\"><a href=\"https:\/\/www.altfett-lesch.de\/tr\/gastronomiden-kullanilmis-yemeklik-yag\/\" data-type=\"page\" data-id=\"405\">&#13;\nGastronomiden kullan\u0131lm\u0131\u015f yemeklik ya\u011f<\/a><\/p>\n<\/div><\/div>\n<\/div>\n\n\n\n<div class=\"wp-block-column highlight is-layout-flow wp-block-column-is-layout-flow\">\n<h3 class=\"wp-block-heading\" id=\"wir-sind-der-dienstleister-fur-termingerechte-abholung-und-professionelles-recycling-von-gebrauchtem-speisefett-bzw-speiseol-in-suddeutschland\">G\u00fcney Almanya&#8217;da kullan\u0131lm\u0131\u015f yemeklik ya\u011f ve yemeklik ya\u011flar\u0131n zaman\u0131nda toplanmas\u0131  ve  profesyonel geri d\u00f6n\u00fc\u015f\u00fcm\u00fc i\u00e7in hizmet sa\u011flay\u0131c\u0131s\u0131y\u0131z.<\/h3>\n\n\n\n<p>Yakla\u015f\u0131k 25.000 restoran, kantin ve di\u011fer yemek i\u015fletmeleri toplama kab\u0131m\u0131z\u0131 &#8211; ya\u011f kutusu- kullan\u0131yor.<\/p>\n\n\n\n<p>Kullan\u0131lm\u0131\u015f yemeklik ya\u011f\u0131n\u0131z\u0131 profesyonelce ve temiz bir \u015fekilde imha ettirin!<\/p>\n\n\n\n<div class=\"wp-block-buttons is-layout-flex wp-block-buttons-is-layout-flex\">\n<div class=\"wp-block-button\"><a class=\"wp-block-button__link wp-element-button\" href=\"https:\/\/www.altfett-lesch.de\/tr\/gastronomiden-kullanilmis-yemeklik-yag\/\">\u015eimdi bilgilendirin\u2026<\/a><\/div>\n<\/div>\n\n\n\n<p><\/p>\n<\/div>\n<\/div>\n\n<div class=\"wp-block-columns is-layout-flex wp-container-core-columns-is-layout-9d6595d7 wp-block-columns-is-layout-flex\">\n<div class=\"wp-block-column is-layout-flow wp-block-column-is-layout-flow\">\n<div class=\"wp-block-cover is-light\"><span aria-hidden=\"true\" class=\"wp-block-cover__background has-black-background-color has-background-dim-20 has-background-dim\"><\/span><img loading=\"lazy\" decoding=\"async\" width=\"2017\" height=\"1132\" class=\"wp-block-cover__image-background wp-image-603\" alt=\"\" src=\"https:\/\/www.altfett-lesch.de\/wp-content\/uploads\/2020\/10\/jedertropfenzaehlt.jpg\" style=\"object-position:44% 52%\" data-object-fit=\"cover\" data-object-position=\"44% 52%\" srcset=\"https:\/\/www.altfett-lesch.de\/wp-content\/uploads\/2020\/10\/jedertropfenzaehlt.jpg 2017w, https:\/\/www.altfett-lesch.de\/wp-content\/uploads\/2020\/10\/jedertropfenzaehlt-300x168.jpg 300w, https:\/\/www.altfett-lesch.de\/wp-content\/uploads\/2020\/10\/jedertropfenzaehlt-1024x575.jpg 1024w, https:\/\/www.altfett-lesch.de\/wp-content\/uploads\/2020\/10\/jedertropfenzaehlt-768x431.jpg 768w, https:\/\/www.altfett-lesch.de\/wp-content\/uploads\/2020\/10\/jedertropfenzaehlt-1536x862.jpg 1536w, https:\/\/www.altfett-lesch.de\/wp-content\/uploads\/2020\/10\/jedertropfenzaehlt-1200x673.jpg 1200w, https:\/\/www.altfett-lesch.de\/wp-content\/uploads\/2020\/10\/jedertropfenzaehlt-1400x786.jpg 1400w\" sizes=\"auto, (max-width: 2017px) 100vw, 2017px\" \/><div class=\"wp-block-cover__inner-container is-layout-flow wp-block-cover-is-layout-flow\">\n<p><a href=\"https:\/\/www.altfett-lesch.de\/tr\/oezel-evlerden-kullanilmis-yemeklik-yag\/\" data-type=\"page\" data-id=\"413\">kullan\u0131lm\u0131\u015f yemeklik<\/a><\/p>\n\n\n\n<p class=\"has-text-align-left has-large-font-size\"><a href=\"https:\/\/www.altfett-lesch.de\/&#xD6;zel evlerden kullan&#x131;lm&#x131;&#x15F; yemeklik ya&#x11F;\/\" data-type=\"page\" data-id=\"413\">\u201eHer damla \u00f6nemlidir\u201c<\/a><\/p>\n<\/div><\/div>\n<\/div>\n\n\n\n<div class=\"wp-block-column highlightjtz is-layout-flow wp-block-column-is-layout-flow\">\n<h3 class=\"wp-block-heading\" id=\"wir-machen-ihr-altspeisefett-mobil-und-wandeln-es-in-bio-kraftstoff\">Kullan\u0131lm\u0131\u015f k\u0131zartma ya\u011f\u0131n\u0131z\u0131 mobil hale getirip bio-yak\u0131ta d\u00f6n\u00fc\u015ft\u00fcr\u00fcyoruz.<\/h3>\n\n\n\n<p>Kas\u0131m 2018&#8217;den bu yana Erlangen, F\u00fcrth, Allersberg, Heideck, Hilpoltstein, Greding ve Thalm\u00e4ssing&#8217;de kulland\u0131\u011f\u0131n\u0131z yemeklik ya\u011flar\u0131 toplay\u0131p HER DAMLA SAYACI toplama makinemize teslim edebiliyorsunuz. <\/p>\n\n\n\n<div class=\"wp-block-buttons is-layout-flex wp-block-buttons-is-layout-flex\">\n<div class=\"wp-block-button\"><a class=\"wp-block-button__link wp-element-button\" href=\"https:\/\/www.altfett-lesch.de\/tr\/oezel-evlerden-kullanilmis-yemeklik-yag\/\">\u015eimdi bilgilendirin\u2026<\/a><\/div>\n<\/div>\n<\/div>\n\n\n\n<div class=\"wp-block-column is-layout-flow wp-block-column-is-layout-flow\">\n<div class=\"wp-block-cover is-light\"><span aria-hidden=\"true\" class=\"wp-block-cover__background has-black-background-color has-background-dim-20 has-background-dim\"><\/span><img loading=\"lazy\" decoding=\"async\" width=\"1011\" height=\"1011\" class=\"wp-block-cover__image-background wp-image-445\" alt=\"\" src=\"https:\/\/www.altfett-lesch.de\/wp-content\/uploads\/2020\/09\/image-1.jpeg\" style=\"object-position:28% 44%\" data-object-fit=\"cover\" data-object-position=\"28% 44%\" srcset=\"https:\/\/www.altfett-lesch.de\/wp-content\/uploads\/2020\/09\/image-1.jpeg 1011w, https:\/\/www.altfett-lesch.de\/wp-content\/uploads\/2020\/09\/image-1-300x300.jpeg 300w, https:\/\/www.altfett-lesch.de\/wp-content\/uploads\/2020\/09\/image-1-150x150.jpeg 150w, https:\/\/www.altfett-lesch.de\/wp-content\/uploads\/2020\/09\/image-1-768x768.jpeg 768w, https:\/\/www.altfett-lesch.de\/wp-content\/uploads\/2020\/09\/image-1-600x600.jpeg 600w\" sizes=\"auto, (max-width: 1011px) 100vw, 1011px\" \/><div class=\"wp-block-cover__inner-container is-layout-flow wp-block-cover-is-layout-flow\">\n<p><a href=\"https:\/\/www.altfett-lesch.de\/tr\/kullanilmis-gres-geri-doenuesuemue\/\" data-type=\"page\">Kullan\u0131lm\u0131\u015f gres geri d\u00f6n\u00fc\u015f\u00fcm\u00fc<\/a><\/p>\n\n\n\n<p class=\"has-text-align-left has-large-font-size\"><a href=\"https:\/\/www.altfett-lesch.de\/tr\/kullanilmis-gres-geri-doenuesuemue\/\" data-type=\"page\" data-id=\"418\">At\u0131k &#13;\nde\u011ferli hale gelir<\/a><\/p>\n<\/div><\/div>\n<\/div>\n<\/div>\n\n<div class=\"wp-block-columns is-layout-flex wp-container-core-columns-is-layout-9d6595d7 wp-block-columns-is-layout-flex\">\n<div class=\"wp-block-column is-layout-flow wp-block-column-is-layout-flow\">\n<div class=\"wp-block-cover is-light\"><span aria-hidden=\"true\" class=\"wp-block-cover__background has-black-background-color has-background-dim-20 has-background-dim\"><\/span><img loading=\"lazy\" decoding=\"async\" width=\"1200\" height=\"675\" class=\"wp-block-cover__image-background wp-image-444\" alt=\"\" src=\"https:\/\/www.altfett-lesch.de\/wp-content\/uploads\/2020\/09\/DSCF2246-bearbeitet-wolken.jpg\" style=\"object-position:67% 57%\" data-object-fit=\"cover\" data-object-position=\"67% 57%\" srcset=\"https:\/\/www.altfett-lesch.de\/wp-content\/uploads\/2020\/09\/DSCF2246-bearbeitet-wolken.jpg 1200w, https:\/\/www.altfett-lesch.de\/wp-content\/uploads\/2020\/09\/DSCF2246-bearbeitet-wolken-300x169.jpg 300w, https:\/\/www.altfett-lesch.de\/wp-content\/uploads\/2020\/09\/DSCF2246-bearbeitet-wolken-1024x576.jpg 1024w, https:\/\/www.altfett-lesch.de\/wp-content\/uploads\/2020\/09\/DSCF2246-bearbeitet-wolken-768x432.jpg 768w\" sizes=\"auto, (max-width: 1200px) 100vw, 1200px\" \/><div class=\"wp-block-cover__inner-container is-layout-flow wp-block-cover-is-layout-flow\">\n<p><a href=\"https:\/\/www.altfett-lesch.de\/tr\/suerdueruelebilirlik-ve-yenilik\/\" data-type=\"page\" data-id=\"432\">Kullan\u0131lm\u0131\u015f gres geri d\u00f6n\u00fc\u015f\u00fcm\u00fc Lesch<\/a><\/p>\n\n\n\n<p class=\"has-text-align-left has-large-font-size\"><a href=\"https:\/\/www.altfett-lesch.de\/tr\/suerdueruelebilirlik-ve-yenilik\/\" data-type=\"page\" data-id=\"432\">S\u00fcrd\u00fcr\u00fclebilirlik ve Yenilik<\/a><\/p>\n<\/div><\/div>\n<\/div>\n\n\n\n<div class=\"wp-block-column is-layout-flow wp-block-column-is-layout-flow\">\n<div class=\"wp-block-cover is-light\"><span aria-hidden=\"true\" class=\"wp-block-cover__background has-black-background-color has-background-dim-20 has-background-dim\"><\/span><img loading=\"lazy\" decoding=\"async\" width=\"2560\" height=\"1752\" class=\"wp-block-cover__image-background wp-image-4817\" alt=\"\" src=\"https:\/\/www.altfett-lesch.de\/wp-content\/uploads\/2023\/10\/Gruppenbild-Altfett-Lesch-Mitarbeiter-1023_erweitert.jpg\" data-object-fit=\"cover\" srcset=\"https:\/\/www.altfett-lesch.de\/wp-content\/uploads\/2023\/10\/Gruppenbild-Altfett-Lesch-Mitarbeiter-1023_erweitert.jpg 2560w, https:\/\/www.altfett-lesch.de\/wp-content\/uploads\/2023\/10\/Gruppenbild-Altfett-Lesch-Mitarbeiter-1023_erweitert-300x205.jpg 300w, https:\/\/www.altfett-lesch.de\/wp-content\/uploads\/2023\/10\/Gruppenbild-Altfett-Lesch-Mitarbeiter-1023_erweitert-1024x701.jpg 1024w, https:\/\/www.altfett-lesch.de\/wp-content\/uploads\/2023\/10\/Gruppenbild-Altfett-Lesch-Mitarbeiter-1023_erweitert-768x526.jpg 768w, https:\/\/www.altfett-lesch.de\/wp-content\/uploads\/2023\/10\/Gruppenbild-Altfett-Lesch-Mitarbeiter-1023_erweitert-1536x1051.jpg 1536w, https:\/\/www.altfett-lesch.de\/wp-content\/uploads\/2023\/10\/Gruppenbild-Altfett-Lesch-Mitarbeiter-1023_erweitert-2048x1402.jpg 2048w, https:\/\/www.altfett-lesch.de\/wp-content\/uploads\/2023\/10\/Gruppenbild-Altfett-Lesch-Mitarbeiter-1023_erweitert-1200x821.jpg 1200w, https:\/\/www.altfett-lesch.de\/wp-content\/uploads\/2023\/10\/Gruppenbild-Altfett-Lesch-Mitarbeiter-1023_erweitert-1400x958.jpg 1400w\" sizes=\"auto, (max-width: 2560px) 100vw, 2560px\" \/><div class=\"wp-block-cover__inner-container is-layout-flow wp-block-cover-is-layout-flow\">\n<p><a href=\"https:\/\/www.altfett-lesch.de\/tr\/is-teklifleri\/\" data-type=\"URL\" data-id=\"https:\/\/www.altfett-lesch.de\/\/stellenangebote\/\">\u0130\u015f teklifleri<\/a><\/p>\n\n\n\n<p class=\"has-text-align-left has-large-font-size\"><a href=\"https:\/\/www.altfett-lesch.de\/tr\/is-teklifleri\/\" data-type=\"page\">Gelecekteki geri d\u00f6n\u00fc\u015f\u00fcm alan\u0131nda \u00e7al\u0131\u015fmak<\/a><\/p>\n<\/div><\/div>\n<\/div>\n<\/div>\n\n<div style=\"height:100px\" aria-hidden=\"true\" class=\"wp-block-spacer\"><\/div>\n\n<div class=\"wp-block-group alignfull zertifizierungen\"><div class=\"wp-block-group__inner-container is-layout-flow wp-block-group-is-layout-flow\">\n<div class=\"wp-block-columns is-layout-flex wp-container-core-columns-is-layout-9d6595d7 wp-block-columns-is-layout-flex\">\n<div class=\"wp-block-column is-layout-flow wp-block-column-is-layout-flow\">\n<p>Zertifizierungen:<\/p>\n\n\n\n<div class=\"wp-block-columns is-layout-flex wp-container-core-columns-is-layout-9d6595d7 wp-block-columns-is-layout-flex\">\n<div class=\"wp-block-column is-layout-flow wp-block-column-is-layout-flow\">\n<div style=\"height:20px\" aria-hidden=\"true\" class=\"wp-block-spacer\"><\/div>\n\n\n\n<figure class=\"wp-block-image size-full\"><img loading=\"lazy\" decoding=\"async\" width=\"251\" height=\"46\" src=\"https:\/\/www.altfett-lesch.de\/wp-content\/uploads\/2020\/10\/logo_address.png\" alt=\"\" class=\"wp-image-628\"\/><figcaption><strong>Entsorgungsfachbetrieb<br><\/strong>Anerkannt f\u00fcr: Einsammeln, Bef\u00f6rdern, Lagern, Behandeln, Verwerten<br>ZKRW 00040\/98E<\/figcaption><\/figure>\n<\/div>\n\n\n\n<div class=\"wp-block-column is-layout-flow wp-block-column-is-layout-flow\">\n<div class=\"wp-block-image\"><figure class=\"alignleft size-large\"><img loading=\"lazy\" decoding=\"async\" width=\"350\" height=\"210\" src=\"https:\/\/www.altfett-lesch.de\/wp-content\/uploads\/2020\/10\/redcert-logo.jpg\" alt=\"\" class=\"wp-image-676\" srcset=\"https:\/\/www.altfett-lesch.de\/wp-content\/uploads\/2020\/10\/redcert-logo.jpg 350w, https:\/\/www.altfett-lesch.de\/wp-content\/uploads\/2020\/10\/redcert-logo-300x180.jpg 300w\" sizes=\"auto, (max-width: 350px) 100vw, 350px\" \/><\/figure><\/div>\n<\/div>\n<\/div>\n<\/div>\n\n\n\n<div class=\"wp-block-column is-layout-flow wp-block-column-is-layout-flow\">\n<p>Mitgliedschaften:<\/p>\n\n\n\n<div class=\"wp-block-columns is-layout-flex wp-container-core-columns-is-layout-9d6595d7 wp-block-columns-is-layout-flex\">\n<div class=\"wp-block-column is-layout-flow wp-block-column-is-layout-flow\">\n<figure class=\"wp-block-image size-large is-resized\"><a href=\"https:\/\/www.mvak.eu\"><img decoding=\"async\" src=\"https:\/\/www.altfett-lesch.de\/wp-content\/uploads\/2020\/10\/MVaK-Logo_CMYK_20200909-1-3.svg\" alt=\"\" class=\"wp-image-635\" width=\"200\"\/><\/a><\/figure>\n\n\n\n<div class=\"wp-block-image\"><figure class=\"alignleft size-large\"><a href=\"https:\/\/www.vbs-ev.bayern\/home\"><img loading=\"lazy\" decoding=\"async\" width=\"205\" height=\"140\" src=\"https:\/\/www.altfett-lesch.de\/wp-content\/uploads\/2020\/10\/vbs_logo-1.png\" alt=\"\" class=\"wp-image-722\"\/><\/a><\/figure><\/div>\n<\/div>\n\n\n\n<div class=\"wp-block-column is-layout-flow wp-block-column-is-layout-flow\">\n<figure class=\"wp-block-image size-large\"><a href=\"https:\/\/www.altfett-lesch.de\/wp-content\/uploads\/2021\/04\/Urkunde-Umweltpakt-Bayern.pdf\" target=\"_blank\" rel=\"noopener\"><img loading=\"lazy\" decoding=\"async\" width=\"163\" height=\"175\" src=\"https:\/\/www.altfett-lesch.de\/wp-content\/uploads\/2020\/10\/umweltpakt_logo-1.png\" alt=\"\" class=\"wp-image-720\"\/><\/a><\/figure>\n<\/div>\n<\/div>\n<\/div>\n<\/div>\n<\/div><\/div>\n\n<p><\/p>\n","protected":false},"excerpt":{"rendered":"<p>\u201cSendung mit der Maus\u201dta geri d\u00f6n\u00fc\u015ft\u00fcr\u00fclm\u00fc\u015f at\u0131k ya\u011flardan elde edilen biyoyak\u0131t 2 Haziran 2024&#8217;te&#8220;Sendung mit der Maus&#8221; Thalm\u00e4ssing&#8216;de konu\u011fumuzdu. Fare, catering end\u00fcstrisindeki kullan\u0131lm\u0131\u015f yemeklik ya\u011flar\u0131n toplanmas\u0131ndan i\u015flenmesine kadar geri d\u00f6n\u00fc\u015f\u00fcm s\u00fcre\u00e7lerimiz hakk\u0131nda iyi bir fikir sa\u011flar. 3 Ekim 2024&#8217;te herkese bir fikir olacak: \u201cKap\u0131lar\u0131 Fareyle A\u00e7\u201d kampanyas\u0131na kap\u0131lar\u0131m\u0131z\u0131 a\u00e7aca\u011f\u0131z. Yeni: Ya\u011f kutusu uygulamam\u0131z &#13; Ya\u011f &hellip;<\/p>\n","protected":false},"author":1,"featured_media":0,"parent":0,"menu_order":0,"comment_status":"closed","ping_status":"closed","template":"","meta":{"inline_featured_image":false,"advgb_blocks_editor_width":"","advgb_blocks_columns_visual_guide":"","footnotes":""},"class_list":["post-1400","page","type-page","status-publish","hentry","post","without-featured-image"],"featured_image_src":null,"featured_image_src_square":null,"coauthors":[],"author_meta":{"author_link":"https:\/\/www.altfett-lesch.de\/tr\/author\/altfettleschadmin\/","display_name":"Altfett Lesch"},"relative_dates":{"created":"Posted 5 y\u0131l ago","modified":"Updated 2 y\u0131l ago"},"absolute_dates":{"created":"Posted on 1 Mart 2021","modified":"Updated on 19 Eyl\u00fcl 2024"},"absolute_dates_time":{"created":"Posted on 1 Mart 2021 11:54","modified":"Updated on 19 Eyl\u00fcl 2024 07:54"},"featured_img_caption":"","featured_img":false,"series_order":"","_links":{"self":[{"href":"https:\/\/www.altfett-lesch.de\/tr\/wp-json\/wp\/v2\/pages\/1400","targetHints":{"allow":["GET"]}}],"collection":[{"href":"https:\/\/www.altfett-lesch.de\/tr\/wp-json\/wp\/v2\/pages"}],"about":[{"href":"https:\/\/www.altfett-lesch.de\/tr\/wp-json\/wp\/v2\/types\/page"}],"author":[{"embeddable":true,"href":"https:\/\/www.altfett-lesch.de\/tr\/wp-json\/wp\/v2\/users\/1"}],"replies":[{"embeddable":true,"href":"https:\/\/www.altfett-lesch.de\/tr\/wp-json\/wp\/v2\/comments?post=1400"}],"version-history":[{"count":3,"href":"https:\/\/www.altfett-lesch.de\/tr\/wp-json\/wp\/v2\/pages\/1400\/revisions"}],"predecessor-version":[{"id":5677,"href":"https:\/\/www.altfett-lesch.de\/tr\/wp-json\/wp\/v2\/pages\/1400\/revisions\/5677"}],"wp:attachment":[{"href":"https:\/\/www.altfett-lesch.de\/tr\/wp-json\/wp\/v2\/media?parent=1400"}],"curies":[{"name":"wp","href":"https:\/\/api.w.org\/{rel}","templated":true}]}}