{"id":1300,"date":"2021-03-01T11:29:10","date_gmt":"2021-03-01T10:29:10","guid":{"rendered":"https:\/\/altfettrecycling.de\/contact\/"},"modified":"2025-10-27T13:45:20","modified_gmt":"2025-10-27T12:45:20","slug":"contact","status":"publish","type":"page","link":"https:\/\/www.altfett-lesch.de\/en\/contact\/","title":{"rendered":"Contact"},"content":{"rendered":"\n<div class=\"wp-block-cover alignfull is-light advgb-dyn-ae70791a\" style=\"min-height:537px;aspect-ratio:unset;\"><img loading=\"lazy\" decoding=\"async\" width=\"2560\" height=\"1752\" class=\"wp-block-cover__image-background wp-image-4817\" alt=\"\" src=\"https:\/\/www.altfett-lesch.de\/wp-content\/uploads\/2023\/10\/Gruppenbild-Altfett-Lesch-Mitarbeiter-1023_erweitert.jpg\" style=\"object-position:50% 50%\" data-object-fit=\"cover\" data-object-position=\"50% 50%\" srcset=\"https:\/\/www.altfett-lesch.de\/wp-content\/uploads\/2023\/10\/Gruppenbild-Altfett-Lesch-Mitarbeiter-1023_erweitert.jpg 2560w, https:\/\/www.altfett-lesch.de\/wp-content\/uploads\/2023\/10\/Gruppenbild-Altfett-Lesch-Mitarbeiter-1023_erweitert-300x205.jpg 300w, https:\/\/www.altfett-lesch.de\/wp-content\/uploads\/2023\/10\/Gruppenbild-Altfett-Lesch-Mitarbeiter-1023_erweitert-1024x701.jpg 1024w, https:\/\/www.altfett-lesch.de\/wp-content\/uploads\/2023\/10\/Gruppenbild-Altfett-Lesch-Mitarbeiter-1023_erweitert-768x526.jpg 768w, https:\/\/www.altfett-lesch.de\/wp-content\/uploads\/2023\/10\/Gruppenbild-Altfett-Lesch-Mitarbeiter-1023_erweitert-1536x1051.jpg 1536w, https:\/\/www.altfett-lesch.de\/wp-content\/uploads\/2023\/10\/Gruppenbild-Altfett-Lesch-Mitarbeiter-1023_erweitert-2048x1402.jpg 2048w, https:\/\/www.altfett-lesch.de\/wp-content\/uploads\/2023\/10\/Gruppenbild-Altfett-Lesch-Mitarbeiter-1023_erweitert-1200x821.jpg 1200w, https:\/\/www.altfett-lesch.de\/wp-content\/uploads\/2023\/10\/Gruppenbild-Altfett-Lesch-Mitarbeiter-1023_erweitert-1400x958.jpg 1400w\" sizes=\"auto, (max-width: 2560px) 100vw, 2560px\" \/><span aria-hidden=\"true\" class=\"wp-block-cover__background has-background-dim-0 has-background-dim\"><\/span><div class=\"wp-block-cover__inner-container is-layout-flow wp-block-cover-is-layout-flow\">\n<p class=\"has-text-align-center has-large-font-size\"><\/p>\n<\/div><\/div>\n\n\n\n<div style=\"height:40px\" aria-hidden=\"true\" class=\"wp-block-spacer\"><\/div>\n\n\n\n<h2 class=\"wp-block-heading\">Contact<\/h2>\n\n\n\n<div class=\"wp-block-columns has-2-columns is-layout-flex wp-container-core-columns-is-layout-9d6595d7 wp-block-columns-is-layout-flex\">\n<div class=\"wp-block-column is-layout-flow wp-block-column-is-layout-flow\">\n<p class=\"notranslate\"><strong>Altfettentsorgung Lesch GmbH &amp; Co. KG<\/strong><br>\u00c4u\u00dfere N\u00fcrnberger Str. 1<br>91177 Thalm\u00e4ssing<br>Germany<\/p>\n\n\n\n<p>Phone: 09173-874<br>Fax: 09173-599<\/p>\n\n\n\n<p>E-Mail:&nbsp;<a href=\"mailto:info@altfett-lesch.de\">info@altfett-lesch.de<\/a><\/p>\n<\/div>\n\n\n\n<div class=\"wp-block-column is-layout-flow wp-block-column-is-layout-flow\"><\/div>\n<\/div>\n\n\n\n<div style=\"height:40px\" aria-hidden=\"true\" class=\"wp-block-spacer\"><\/div>\n\n\n\n<div class=\"wp-block-columns is-layout-flex wp-container-core-columns-is-layout-9d6595d7 wp-block-columns-is-layout-flex\">\n<div class=\"wp-block-column is-layout-flow wp-block-column-is-layout-flow\">\n<h2 class=\"wp-block-heading\">Management<\/h2>\n\n\n\n<p class=\"notranslate\"><strong>Heiko Lesch<br><\/strong>Managing director<\/p>\n\n\n\n<p>Phone: 09173-874<br>E-Mail:&nbsp;<a href=\"mailto:info@altfett-lesch.de\">info@altfett-lesch.de<\/a><\/p>\n<\/div>\n\n\n\n<div class=\"wp-block-column is-layout-flow wp-block-column-is-layout-flow\">\n<p><\/p>\n<\/div>\n\n\n\n<div class=\"wp-block-column is-layout-flow wp-block-column-is-layout-flow\">\n<figure class=\"wp-block-image size-large\"><img loading=\"lazy\" decoding=\"async\" width=\"1024\" height=\"683\" src=\"https:\/\/www.altfett-lesch.de\/wp-content\/uploads\/2020\/10\/heiko_lesch_altfett_lesch-1024x683.jpg\" alt=\"Heiko Lesch - Managing Director Altfettrecycling Lesch\" class=\"wp-image-822\" srcset=\"https:\/\/www.altfett-lesch.de\/wp-content\/uploads\/2020\/10\/heiko_lesch_altfett_lesch-1024x683.jpg 1024w, https:\/\/www.altfett-lesch.de\/wp-content\/uploads\/2020\/10\/heiko_lesch_altfett_lesch-300x200.jpg 300w, https:\/\/www.altfett-lesch.de\/wp-content\/uploads\/2020\/10\/heiko_lesch_altfett_lesch-768x512.jpg 768w, https:\/\/www.altfett-lesch.de\/wp-content\/uploads\/2020\/10\/heiko_lesch_altfett_lesch-600x400.jpg 600w, https:\/\/www.altfett-lesch.de\/wp-content\/uploads\/2020\/10\/heiko_lesch_altfett_lesch.jpg 1063w\" sizes=\"auto, (max-width: 1024px) 100vw, 1024px\" \/><figcaption class=\"wp-element-caption\">Heiko Lesch &#8211; Managing Director Altfettrecycling Lesch<\/figcaption><\/figure>\n<\/div>\n<\/div>\n\n\n\n<div class=\"wp-block-columns is-layout-flex wp-container-core-columns-is-layout-9d6595d7 wp-block-columns-is-layout-flex\">\n<div class=\"wp-block-column is-layout-flow wp-block-column-is-layout-flow\" style=\"flex-basis:66.66%\"><\/div>\n\n\n\n<div class=\"wp-block-column is-layout-flow wp-block-column-is-layout-flow\" style=\"flex-basis:33.33%\"><\/div>\n<\/div>\n\n\n\n<div style=\"height:40px\" aria-hidden=\"true\" class=\"wp-block-spacer\"><\/div>\n\n\n\n<h2 class=\"wp-block-heading\">Sales contacts<\/h2>\n\n\n\n<div class=\"wp-block-columns notranslate is-layout-flex wp-container-core-columns-is-layout-9d6595d7 wp-block-columns-is-layout-flex\">\n<div class=\"wp-block-column is-layout-flow wp-block-column-is-layout-flow\">\n<figure class=\"wp-block-image size-large\"><img loading=\"lazy\" decoding=\"async\" width=\"1024\" height=\"683\" src=\"https:\/\/www.altfett-lesch.de\/wp-content\/uploads\/2022\/04\/Lesch_Mitarbeiter_Guenter_Klein-1024x683.jpg\" alt=\"\" class=\"wp-image-2925\" srcset=\"https:\/\/www.altfett-lesch.de\/wp-content\/uploads\/2022\/04\/Lesch_Mitarbeiter_Guenter_Klein-1024x683.jpg 1024w, https:\/\/www.altfett-lesch.de\/wp-content\/uploads\/2022\/04\/Lesch_Mitarbeiter_Guenter_Klein-300x200.jpg 300w, https:\/\/www.altfett-lesch.de\/wp-content\/uploads\/2022\/04\/Lesch_Mitarbeiter_Guenter_Klein-768x512.jpg 768w, https:\/\/www.altfett-lesch.de\/wp-content\/uploads\/2022\/04\/Lesch_Mitarbeiter_Guenter_Klein-600x400.jpg 600w, https:\/\/www.altfett-lesch.de\/wp-content\/uploads\/2022\/04\/Lesch_Mitarbeiter_Guenter_Klein.jpg 1063w\" sizes=\"auto, (max-width: 1024px) 100vw, 1024px\" \/><figcaption class=\"wp-element-caption\"><strong>G\u00fcnter Klein<br><\/strong>+49 151 16170073<br><a href=\"mailto:guenter.klein@altfett-lesch.de\">guenter.klein@altfett-lesch.de<\/a><\/figcaption><\/figure>\n<\/div>\n\n\n\n<div class=\"wp-block-column is-layout-flow wp-block-column-is-layout-flow\">\n<figure class=\"wp-block-image size-large\"><img loading=\"lazy\" decoding=\"async\" width=\"1024\" height=\"683\" src=\"https:\/\/www.altfett-lesch.de\/wp-content\/uploads\/2021\/06\/christian_ellwardt-1024x683.jpg\" alt=\"\" class=\"wp-image-2290\" srcset=\"https:\/\/www.altfett-lesch.de\/wp-content\/uploads\/2021\/06\/christian_ellwardt-1024x683.jpg 1024w, https:\/\/www.altfett-lesch.de\/wp-content\/uploads\/2021\/06\/christian_ellwardt-300x200.jpg 300w, https:\/\/www.altfett-lesch.de\/wp-content\/uploads\/2021\/06\/christian_ellwardt-768x512.jpg 768w, https:\/\/www.altfett-lesch.de\/wp-content\/uploads\/2021\/06\/christian_ellwardt-600x400.jpg 600w, https:\/\/www.altfett-lesch.de\/wp-content\/uploads\/2021\/06\/christian_ellwardt.jpg 1063w\" sizes=\"auto, (max-width: 1024px) 100vw, 1024px\" \/><figcaption class=\"wp-element-caption\"><strong>Christian Ellwardt<br><\/strong>+49 151 65057703<br><a href=\"mailto:christian.ellwardt@altfett-lesch.de\">christian.ellwardt@altfett-lesch.de<\/a><\/figcaption><\/figure>\n<\/div>\n\n\n\n<div class=\"wp-block-column is-layout-flow wp-block-column-is-layout-flow\">\n<figure class=\"wp-block-image size-large\"><img loading=\"lazy\" decoding=\"async\" width=\"1024\" height=\"683\" src=\"https:\/\/www.altfett-lesch.de\/wp-content\/uploads\/2020\/12\/lesch_mitarbeiter_vad_11-1024x683.jpg\" alt=\"\" class=\"wp-image-1096\" srcset=\"https:\/\/www.altfett-lesch.de\/wp-content\/uploads\/2020\/12\/lesch_mitarbeiter_vad_11-1024x683.jpg 1024w, https:\/\/www.altfett-lesch.de\/wp-content\/uploads\/2020\/12\/lesch_mitarbeiter_vad_11-300x200.jpg 300w, https:\/\/www.altfett-lesch.de\/wp-content\/uploads\/2020\/12\/lesch_mitarbeiter_vad_11-768x512.jpg 768w, https:\/\/www.altfett-lesch.de\/wp-content\/uploads\/2020\/12\/lesch_mitarbeiter_vad_11-600x400.jpg 600w, https:\/\/www.altfett-lesch.de\/wp-content\/uploads\/2020\/12\/lesch_mitarbeiter_vad_11.jpg 1063w\" sizes=\"auto, (max-width: 1024px) 100vw, 1024px\" \/><figcaption class=\"wp-element-caption\"><strong>Nick Seitz<br><\/strong>+49 151 18066782<br><a href=\"mailto:nick.seitz@altfett-lesch.de\">nick.seitz@altfett-lesch.de<\/a><\/figcaption><\/figure>\n\n\n\n<div class=\"wp-block-group\"><div class=\"wp-block-group__inner-container is-layout-flow wp-block-group-is-layout-flow\"><\/div><\/div>\n<\/div>\n<\/div>\n\n\n\n<div class=\"wp-block-columns notranslate is-layout-flex wp-container-core-columns-is-layout-9d6595d7 wp-block-columns-is-layout-flex\">\n<div class=\"wp-block-column is-layout-flow wp-block-column-is-layout-flow\">\n<figure class=\"wp-block-image size-large\"><img loading=\"lazy\" decoding=\"async\" width=\"1024\" height=\"683\" src=\"https:\/\/www.altfett-lesch.de\/wp-content\/uploads\/2020\/12\/lesch_mitarbeiter_vad_7-1024x683.jpg\" alt=\"\" class=\"wp-image-1090\" srcset=\"https:\/\/www.altfett-lesch.de\/wp-content\/uploads\/2020\/12\/lesch_mitarbeiter_vad_7-1024x683.jpg 1024w, https:\/\/www.altfett-lesch.de\/wp-content\/uploads\/2020\/12\/lesch_mitarbeiter_vad_7-300x200.jpg 300w, https:\/\/www.altfett-lesch.de\/wp-content\/uploads\/2020\/12\/lesch_mitarbeiter_vad_7-768x512.jpg 768w, https:\/\/www.altfett-lesch.de\/wp-content\/uploads\/2020\/12\/lesch_mitarbeiter_vad_7-600x400.jpg 600w, https:\/\/www.altfett-lesch.de\/wp-content\/uploads\/2020\/12\/lesch_mitarbeiter_vad_7.jpg 1063w\" sizes=\"auto, (max-width: 1024px) 100vw, 1024px\" \/><figcaption class=\"wp-element-caption\"><strong>Marko Fischer<br><\/strong>+49 151 20313666<br><a href=\"mailto:marko.fischer@altfett-lesch.de\">marko.fischer@altfett-lesch.de<\/a><\/figcaption><\/figure>\n<\/div>\n\n\n\n<div class=\"wp-block-column is-layout-flow wp-block-column-is-layout-flow\">\n<figure class=\"wp-block-image size-large\"><img loading=\"lazy\" decoding=\"async\" width=\"1024\" height=\"683\" src=\"https:\/\/www.altfett-lesch.de\/wp-content\/uploads\/2023\/01\/Lesch_Mitarbeiter_Daniel_Roecker-1024x683.jpg\" alt=\"\" class=\"wp-image-4135\" srcset=\"https:\/\/www.altfett-lesch.de\/wp-content\/uploads\/2023\/01\/Lesch_Mitarbeiter_Daniel_Roecker-1024x683.jpg 1024w, https:\/\/www.altfett-lesch.de\/wp-content\/uploads\/2023\/01\/Lesch_Mitarbeiter_Daniel_Roecker-300x200.jpg 300w, https:\/\/www.altfett-lesch.de\/wp-content\/uploads\/2023\/01\/Lesch_Mitarbeiter_Daniel_Roecker-768x512.jpg 768w, https:\/\/www.altfett-lesch.de\/wp-content\/uploads\/2023\/01\/Lesch_Mitarbeiter_Daniel_Roecker-600x400.jpg 600w, https:\/\/www.altfett-lesch.de\/wp-content\/uploads\/2023\/01\/Lesch_Mitarbeiter_Daniel_Roecker.jpg 1063w\" sizes=\"auto, (max-width: 1024px) 100vw, 1024px\" \/><figcaption class=\"wp-element-caption\"><strong>Daniel R\u00f6cker<br><\/strong>+49 151 20313662<br><a href=\"mailto:daniel.roecker@altfett-lesch.de\">daniel.roecker@altfett-lesch.de<\/a><\/figcaption><\/figure>\n<\/div>\n\n\n\n<div class=\"wp-block-column is-layout-flow wp-block-column-is-layout-flow\">\n<figure class=\"wp-block-image size-full\"><img loading=\"lazy\" decoding=\"async\" width=\"1024\" height=\"683\" src=\"https:\/\/www.altfett-lesch.de\/wp-content\/uploads\/2025\/10\/Lesch_KasimCeviz.jpg\" alt=\"\" class=\"wp-image-7640\" srcset=\"https:\/\/www.altfett-lesch.de\/wp-content\/uploads\/2025\/10\/Lesch_KasimCeviz.jpg 1024w, https:\/\/www.altfett-lesch.de\/wp-content\/uploads\/2025\/10\/Lesch_KasimCeviz-300x200.jpg 300w, https:\/\/www.altfett-lesch.de\/wp-content\/uploads\/2025\/10\/Lesch_KasimCeviz-768x512.jpg 768w, https:\/\/www.altfett-lesch.de\/wp-content\/uploads\/2025\/10\/Lesch_KasimCeviz-600x400.jpg 600w\" sizes=\"auto, (max-width: 1024px) 100vw, 1024px\" \/><figcaption class=\"wp-element-caption\"><strong><strong>Kasim Ceviz<\/strong><br><\/strong>+49 151 61098859<br><a href=\"mailto:kasim.ceviz@altfett-lesch.de\">kasim.ceviz@altfett-lesch.de<\/a><\/figcaption><\/figure>\n<\/div>\n<\/div>\n\n\n\n<div class=\"wp-block-columns is-layout-flex wp-container-core-columns-is-layout-9d6595d7 wp-block-columns-is-layout-flex\">\n<div class=\"wp-block-column is-layout-flow wp-block-column-is-layout-flow\">\n<figure class=\"wp-block-image size-large\"><img loading=\"lazy\" decoding=\"async\" width=\"1024\" height=\"683\" src=\"https:\/\/www.altfett-lesch.de\/wp-content\/uploads\/2020\/12\/lesch_mitarbeiter_vad_10-1024x683.jpg\" alt=\"\" class=\"wp-image-1095\" srcset=\"https:\/\/www.altfett-lesch.de\/wp-content\/uploads\/2020\/12\/lesch_mitarbeiter_vad_10-1024x683.jpg 1024w, https:\/\/www.altfett-lesch.de\/wp-content\/uploads\/2020\/12\/lesch_mitarbeiter_vad_10-300x200.jpg 300w, https:\/\/www.altfett-lesch.de\/wp-content\/uploads\/2020\/12\/lesch_mitarbeiter_vad_10-768x512.jpg 768w, https:\/\/www.altfett-lesch.de\/wp-content\/uploads\/2020\/12\/lesch_mitarbeiter_vad_10-600x400.jpg 600w, https:\/\/www.altfett-lesch.de\/wp-content\/uploads\/2020\/12\/lesch_mitarbeiter_vad_10.jpg 1063w\" sizes=\"auto, (max-width: 1024px) 100vw, 1024px\" \/><figcaption class=\"wp-element-caption\"><strong>Werner Schmidt<\/strong><br>+49 151 18066811<br><a href=\"mailto:werner.schmidt@altfett-lesch.de\">werner.schmidt@altfett-lesch.de<\/a><\/figcaption><\/figure>\n<\/div>\n\n\n\n<div class=\"wp-block-column is-layout-flow wp-block-column-is-layout-flow\">\n<figure class=\"wp-block-image size-full\"><img loading=\"lazy\" decoding=\"async\" width=\"1024\" height=\"683\" src=\"https:\/\/www.altfett-lesch.de\/wp-content\/uploads\/2025\/10\/Lesch_PeterWutte.jpg\" alt=\"\" class=\"wp-image-7644\" srcset=\"https:\/\/www.altfett-lesch.de\/wp-content\/uploads\/2025\/10\/Lesch_PeterWutte.jpg 1024w, https:\/\/www.altfett-lesch.de\/wp-content\/uploads\/2025\/10\/Lesch_PeterWutte-300x200.jpg 300w, https:\/\/www.altfett-lesch.de\/wp-content\/uploads\/2025\/10\/Lesch_PeterWutte-768x512.jpg 768w, https:\/\/www.altfett-lesch.de\/wp-content\/uploads\/2025\/10\/Lesch_PeterWutte-600x400.jpg 600w\" sizes=\"auto, (max-width: 1024px) 100vw, 1024px\" \/><figcaption class=\"wp-element-caption\"><strong><strong>Peter Wutte<\/strong><br><\/strong>+49 160 98070457<br><a href=\"mailto:peter.wutte@altfett-lesch.de\">peter.wutte@altfett-lesch.de<\/a><\/figcaption><\/figure>\n<\/div>\n\n\n\n<div class=\"wp-block-column is-layout-flow wp-block-column-is-layout-flow\"><\/div>\n<\/div>\n\n\n\n<div style=\"height:40px\" aria-hidden=\"true\" class=\"wp-block-spacer\"><\/div>\n\n\n\n<h2 class=\"wp-block-heading\">Find your contact person by postcode<\/h2>\n\n\n<div class=\"plzsuche\"><form action=\"https:\/\/www.altfett-lesch.de\/ansprechpartner\/\" method=\"get\"><input type=\"text\" id=\"plz\" name=\"plz\" placeholder=\"Postleitzahl\"><input type=\"submit\" value=\"Senden\"><\/form><\/div><p class=\"error\" style=\"display: none;\">Bitte geben Sie eine g\u00fcltige Postleitzahl zur Suche an<\/p>\n\n\n<div style=\"height:40px\" aria-hidden=\"true\" class=\"wp-block-spacer\"><\/div>\n\n\n\n<h2 class=\"wp-block-heading\">Contact form<\/h2>\n\n\n\n<div class=\"wpcf7 no-js\" id=\"wpcf7-f1426-o1\" lang=\"en-US\" dir=\"ltr\" data-wpcf7-id=\"1426\">\n<div class=\"screen-reader-response\"><p role=\"status\" aria-live=\"polite\" aria-atomic=\"true\"><\/p> <ul><\/ul><\/div>\n<form action=\"\/en\/wp-json\/wp\/v2\/pages\/1300#wpcf7-f1426-o1\" method=\"post\" class=\"wpcf7-form init\" aria-label=\"Contact form\" novalidate=\"novalidate\" data-status=\"init\">\n<fieldset class=\"hidden-fields-container\"><input type=\"hidden\" name=\"_wpcf7\" value=\"1426\" \/><input type=\"hidden\" name=\"_wpcf7_version\" value=\"6.1.5\" \/><input type=\"hidden\" name=\"_wpcf7_locale\" value=\"en_US\" \/><input type=\"hidden\" name=\"_wpcf7_unit_tag\" value=\"wpcf7-f1426-o1\" \/><input type=\"hidden\" name=\"_wpcf7_container_post\" value=\"0\" \/><input type=\"hidden\" name=\"_wpcf7_posted_data_hash\" value=\"\" \/><input type=\"hidden\" name=\"_wpcf7cf_hidden_group_fields\" value=\"[]\" \/><input type=\"hidden\" name=\"_wpcf7cf_hidden_groups\" value=\"[]\" \/><input type=\"hidden\" name=\"_wpcf7cf_visible_groups\" value=\"[]\" \/><input type=\"hidden\" name=\"_wpcf7cf_repeaters\" value=\"[]\" \/><input type=\"hidden\" name=\"_wpcf7cf_steps\" value=\"{}\" \/><input type=\"hidden\" name=\"_wpcf7cf_options\" value=\"{&quot;form_id&quot;:1426,&quot;conditions&quot;:[],&quot;settings&quot;:{&quot;animation&quot;:&quot;no&quot;,&quot;animation_intime&quot;:&quot;200&quot;,&quot;animation_outtime&quot;:&quot;200&quot;,&quot;conditions_ui&quot;:&quot;normal&quot;,&quot;notice_dismissed&quot;:&quot;&quot;,&quot;notice_dismissed_rollback-cf7-5.4.2&quot;:true,&quot;notice_dismissed_rollback-cf7-5.8.2&quot;:true,&quot;notice_dismissed_rollback-cf7-5.9.5&quot;:true}}\" \/>\n<\/fieldset>\n<p><label> Name (required field)<br \/>\n<span class=\"wpcf7-form-control-wrap\" data-name=\"your-name\"><input size=\"40\" maxlength=\"400\" class=\"wpcf7-form-control wpcf7-text wpcf7-validates-as-required\" aria-required=\"true\" aria-invalid=\"false\" value=\"\" type=\"text\" name=\"your-name\" \/><\/span> <\/label>\n<\/p>\n<p><label>Email-Adress (required field)<br \/>\n<span class=\"wpcf7-form-control-wrap\" data-name=\"your-email\"><input size=\"40\" maxlength=\"400\" class=\"wpcf7-form-control wpcf7-email wpcf7-validates-as-required wpcf7-text wpcf7-validates-as-email\" aria-required=\"true\" aria-invalid=\"false\" value=\"\" type=\"email\" name=\"your-email\" \/><\/span> <\/label>\n<\/p>\n<p><label>Subject<br \/>\n<span class=\"wpcf7-form-control-wrap\" data-name=\"your-subject\"><input size=\"40\" maxlength=\"400\" class=\"wpcf7-form-control wpcf7-text\" aria-invalid=\"false\" value=\"\" type=\"text\" name=\"your-subject\" \/><\/span> <\/label>\n<\/p>\n<p><label>Message<br \/>\n<span class=\"wpcf7-form-control-wrap\" data-name=\"your-message\"><textarea cols=\"40\" rows=\"10\" maxlength=\"2000\" class=\"wpcf7-form-control wpcf7-textarea\" aria-invalid=\"false\" name=\"your-message\"><\/textarea><\/span> <\/label>\n<\/p>\n<p><span class=\"wpcf7-form-control-wrap\" data-name=\"acceptance-145\"><span class=\"wpcf7-form-control wpcf7-acceptance\"><span class=\"wpcf7-list-item\"><label><input type=\"checkbox\" name=\"acceptance-145\" value=\"1\" aria-invalid=\"false\" \/><span class=\"wpcf7-list-item-label\"><small>I have taken note of the <a href=\"\/kontakt\/datenschutzerklaerung\/\"> privacy policy <\/a>.<\/span><\/label><\/span><\/span><\/span>\n<\/p>\n<p><input class=\"wpcf7-form-control wpcf7-submit has-spinner\" type=\"submit\" value=\"Senden\" \/>\n<\/p><input type='hidden' class='wpcf7-pum' value='{\"closepopup\":false,\"closedelay\":0,\"openpopup\":false,\"openpopup_id\":0}' \/><div class=\"wpcf7-response-output\" aria-hidden=\"true\"><\/div>\n<\/form>\n<\/div>\n\n\n\n\n<div style=\"height:40px\" aria-hidden=\"true\" class=\"wp-block-spacer\"><\/div>\n","protected":false},"excerpt":{"rendered":"<p>Contact Altfettentsorgung Lesch GmbH &amp; Co. KG\u00c4u\u00dfere N\u00fcrnberger Str. 191177 Thalm\u00e4ssingGermany Phone: 09173-874Fax: 09173-599 E-Mail:&nbsp;info@altfett-lesch.de Management Heiko LeschManaging director Phone: 09173-874E-Mail:&nbsp;info@altfett-lesch.de Sales contacts Find your contact person by postcode Contact form<\/p>\n","protected":false},"author":1,"featured_media":0,"parent":0,"menu_order":0,"comment_status":"closed","ping_status":"closed","template":"","meta":{"inline_featured_image":false,"advgb_blocks_editor_width":"","advgb_blocks_columns_visual_guide":"","footnotes":""},"class_list":["post-1300","page","type-page","status-publish","hentry","post","without-featured-image"],"featured_image_src":null,"featured_image_src_square":null,"coauthors":[],"author_meta":{"author_link":"https:\/\/www.altfett-lesch.de\/en\/author\/altfettleschadmin\/","display_name":"Altfett Lesch"},"relative_dates":{"created":"Posted 5 years ago","modified":"Updated 6 months ago"},"absolute_dates":{"created":"Posted on 1. March 2021","modified":"Updated on 27. October 2025"},"absolute_dates_time":{"created":"Posted on 1. March 2021 11:29","modified":"Updated on 27. October 2025 13:45"},"featured_img_caption":"","featured_img":false,"series_order":"","_links":{"self":[{"href":"https:\/\/www.altfett-lesch.de\/en\/wp-json\/wp\/v2\/pages\/1300","targetHints":{"allow":["GET"]}}],"collection":[{"href":"https:\/\/www.altfett-lesch.de\/en\/wp-json\/wp\/v2\/pages"}],"about":[{"href":"https:\/\/www.altfett-lesch.de\/en\/wp-json\/wp\/v2\/types\/page"}],"author":[{"embeddable":true,"href":"https:\/\/www.altfett-lesch.de\/en\/wp-json\/wp\/v2\/users\/1"}],"replies":[{"embeddable":true,"href":"https:\/\/www.altfett-lesch.de\/en\/wp-json\/wp\/v2\/comments?post=1300"}],"version-history":[{"count":5,"href":"https:\/\/www.altfett-lesch.de\/en\/wp-json\/wp\/v2\/pages\/1300\/revisions"}],"predecessor-version":[{"id":7668,"href":"https:\/\/www.altfett-lesch.de\/en\/wp-json\/wp\/v2\/pages\/1300\/revisions\/7668"}],"wp:attachment":[{"href":"https:\/\/www.altfett-lesch.de\/en\/wp-json\/wp\/v2\/media?parent=1300"}],"curies":[{"name":"wp","href":"https:\/\/api.w.org\/{rel}","templated":true}]}}